{"version":"1.0","provider_name":"O PROGRESSO","provider_url":"https:\/\/progresso.com.br","author_name":"Rose","author_url":"https:\/\/progresso.com.br\/index.php\/author\/rose\/","title":"Col\u00f4nia paraguaia em festa - O PROGRESSO","type":"rich","width":600,"height":338,"html":"<blockquote class=\"wp-embedded-content\" data-secret=\"IbzRdA8NFC\"><a href=\"https:\/\/progresso.com.br\/index.php\/2026\/03\/06\/colonia-paraguaia-em-festa\/\">Col\u00f4nia paraguaia em festa<\/a><\/blockquote><iframe sandbox=\"allow-scripts\" security=\"restricted\" src=\"https:\/\/progresso.com.br\/index.php\/2026\/03\/06\/colonia-paraguaia-em-festa\/embed\/#?secret=IbzRdA8NFC\" width=\"600\" height=\"338\" title=\"&#8220;Col\u00f4nia paraguaia em festa&#8221; &#8212; O PROGRESSO\" data-secret=\"IbzRdA8NFC\" frameborder=\"0\" marginwidth=\"0\" marginheight=\"0\" scrolling=\"no\" class=\"wp-embedded-content\"><\/iframe><script type=\"text\/javascript\">\n\/* <![CDATA[ *\/\n\/*! This file is auto-generated *\/\n!function(d,l){\"use strict\";l.querySelector&&d.addEventListener&&\"undefined\"!=typeof URL&&(d.wp=d.wp||{},d.wp.receiveEmbedMessage||(d.wp.receiveEmbedMessage=function(e){var t=e.data;if((t||t.secret||t.message||t.value)&&!\/[^a-zA-Z0-9]\/.test(t.secret)){for(var s,r,n,a=l.querySelectorAll('iframe[data-secret=\"'+t.secret+'\"]'),o=l.querySelectorAll('blockquote[data-secret=\"'+t.secret+'\"]'),c=new RegExp(\"^https?:$\",\"i\"),i=0;i<o.length;i++)o[i].style.display=\"none\";for(i=0;i<a.length;i++)s=a[i],e.source===s.contentWindow&&(s.removeAttribute(\"style\"),\"height\"===t.message?(1e3<(r=parseInt(t.value,10))?r=1e3:~~r<200&&(r=200),s.height=r):\"link\"===t.message&&(r=new URL(s.getAttribute(\"src\")),n=new URL(t.value),c.test(n.protocol))&&n.host===r.host&&l.activeElement===s&&(d.top.location.href=t.value))}},d.addEventListener(\"message\",d.wp.receiveEmbedMessage,!1),l.addEventListener(\"DOMContentLoaded\",function(){for(var e,t,s=l.querySelectorAll(\"iframe.wp-embedded-content\"),r=0;r<s.length;r++)(t=(e=s[r]).getAttribute(\"data-secret\"))||(t=Math.random().toString(36).substring(2,12),e.src+=\"#?secret=\"+t,e.setAttribute(\"data-secret\",t)),e.contentWindow.postMessage({message:\"ready\",secret:t},\"*\")},!1)))}(window,document);\n\/\/# sourceURL=https:\/\/progresso.com.br\/wp-includes\/js\/wp-embed.min.js\n\/* ]]> *\/\n<\/script>\n","thumbnail_url":"https:\/\/progresso.com.br\/wp-content\/uploads\/2026\/03\/WhatsApp-Image-2026-03-06-at-18.39.28-1.jpeg","thumbnail_width":1280,"thumbnail_height":960,"description":"A Associa\u00e7\u00e3o da Col\u00f4nia Paraguaia de Dourados est\u00e1 numa alegria s\u00f3, j\u00e1 que o governador Eduardo Riedel (PP) anunciou a libera\u00e7\u00e3o de mais R$ 800 mil para finalizar a obra de reforma e amplia\u00e7\u00e3o da sede social. O governador avisou que estar\u00e1 em Dourados no dia 12 de junho pr\u00f3ximo para a entrega oficial de [&hellip;]"}